{"id":252,"date":"2017-09-05T19:23:25","date_gmt":"2017-09-05T19:23:25","guid":{"rendered":"http:\/\/www.cep-argentina.com\/cep\/?page_id=252"},"modified":"2025-02-12T18:01:52","modified_gmt":"2025-02-12T21:01:52","slug":"252-2","status":"publish","type":"page","link":"https:\/\/cep-argentina.com.ar\/cep\/cursos\/252-2\/","title":{"rendered":"Posgrado en Pareja y Familia 2024"},"content":{"rendered":"<p>[et_pb_section fb_built=\u00bb1&#8243; inner_shadow=\u00bbon\u00bb fullwidth=\u00bbon\u00bb custom_padding_last_edited=\u00bbon|desktop\u00bb disabled_on=\u00bboff|off|off\u00bb admin_label=\u00bbSecci\u00f3n\u00bb _builder_version=\u00bb4.14.4&#8243; _module_preset=\u00bb8b9deb83-9b61-4b25-ad8d-ec2836fd07b4&#8243; background_color=\u00bb#7CDA24&#8243; width=\u00bb84%\u00bb max_width=\u00bb83%\u00bb module_alignment=\u00bbcenter\u00bb min_height=\u00bb491px\u00bb height=\u00bb210px\u00bb max_height=\u00bb119px\u00bb overflow-x=\u00bbvisible\u00bb overflow-y=\u00bbvisible\u00bb custom_margin=\u00bb-56px|0px|43px|13px|false|false\u00bb custom_padding=\u00bb0px|24px|0px|24px|false|true\u00bb custom_padding_tablet=\u00bb50px|0|50px|0&#8243; custom_padding_phone=\u00bb50px|0|50px|0&#8243; top_divider_style=\u00bbwaves2&#8243; top_divider_color=\u00bb#EDF000&#8243; top_divider_height=\u00bb66px\u00bb top_divider_repeat=\u00bb1x\u00bb top_divider_flip=\u00bbvertical|horizontal\u00bb animation_speed_curve=\u00bbease\u00bb hover_transition_duration=\u00bb750ms\u00bb module_alignment_tablet=\u00bb\u00bb module_alignment_phone=\u00bb\u00bb module_alignment_last_edited=\u00bbon|desktop\u00bb border_width_all=\u00bb10px\u00bb border_color_all=\u00bb#0C71C3&#8243; border_style_all=\u00bbridge\u00bb box_shadow_style=\u00bbpreset5&#8243; box_shadow_vertical=\u00bb-2px\u00bb box_shadow_blur=\u00bb20px\u00bb box_shadow_color=\u00bb#b0c44e\u00bb transparent_background=\u00bboff\u00bb padding_mobile=\u00bboff\u00bb make_fullwidth=\u00bboff\u00bb use_custom_width=\u00bboff\u00bb width_unit=\u00bbon\u00bb global_module=\u00bb58&#8243; global_colors_info=\u00bb{}\u00bb][et_pb_fullwidth_slider dot_nav_custom_color=\u00bb#EDF000&#8243; _builder_version=\u00bb4.14.4&#8243; _module_preset=\u00bb44df8193-d99f-4747-bab8-ed6a3f8c96bf\u00bb header_level=\u00bbh4&#8243; header_font_size=\u00bb41px\u00bb header_letter_spacing=\u00bb5px\u00bb body_font_size=\u00bb10px\u00bb background_color_gradient_start=\u00bb#f7d160&#8243; background_color_gradient_end=\u00bb#94efe5&#8243; background_enable_image=\u00bboff\u00bb button_alignment=\u00bbcenter\u00bb module_alignment=\u00bbcenter\u00bb content_width=\u00bb100%\u00bb min_height=\u00bb110px\u00bb height=\u00bb322px\u00bb height_tablet=\u00bb\u00bb height_phone=\u00bb330px\u00bb height_last_edited=\u00bbon|phone\u00bb max_height=\u00bb653px\u00bb custom_margin=\u00bb83px|-22px|34px|-22px|false|true\u00bb custom_padding=\u00bb0px||0px||false|false\u00bb hover_transition_duration=\u00bb0ms\u00bb motion_trigger_start=\u00bbtop\u00bb header_font_size_tablet=\u00bb\u00bb header_font_size_phone=\u00bb16px\u00bb header_font_size_last_edited=\u00bbon|phone\u00bb border_width_all=\u00bb1px\u00bb border_width_all_image=\u00bb2px\u00bb text_shadow_style=\u00bbpreset2&#8243; global_colors_info=\u00bb{}\u00bb min_height__hover_enabled=\u00bboff|desktop\u00bb][et_pb_slide heading=\u00bbPosgrado de Teor\u00eda y T\u00e9cnica en Psicoterapias Psicoanal\u00edticas\u00bb image=\u00bbhttps:\/\/cep-argentina.com.ar\/cep\/wp-content\/uploads\/2023\/12\/Posgrado-en-teoria-y-tecnica-psicoterapias-psicoanaliticas-1.jpg\u00bb content_tablet=\u00bb<\/p>\n<h4> Reuni\u00f3n Informativa:<\/h4>\n<h5>   a cargo de <strong>Mg. Rita Irigoyen<\/strong> <span style=%22color: #3366ff;%22><\/span><\/h5>\n<\/p>\n<h6>4 de Diciembre &#8211; 19 hs &#8211; virtual (zoom)<\/h6>\n<p>\u00bb content_phone=\u00bb<\/p>\n<\/p>\n<h5><\/h5>\n<h6> Reuni\u00f3n Informativa:<\/h6>\n<h6>   a cargo de <strong>Mg. Rita Irigoyen<\/strong> <span style=%22color: #3366ff;%22><\/span> 4 de Diciembre &#8211; 19 hs &#8211; virtual (zoom)<\/h6>\n<p><span style=%22font-size: 10px;%22>INSCRIPCI\u00d3N: <\/span><a href=%22mailto:info@cep-argentina.com.ar%22 style=%22font-size: 10px;%22>info@cep-argentina.com.ar<\/a><\/p>\n<h5><\/h5>\n<\/p>\n<p>\u00bb content_last_edited=\u00bbon|phone\u00bb _builder_version=\u00bb4.14.4&#8243; _module_preset=\u00bbdefault\u00bb header_font_size=\u00bb39px\u00bb header_letter_spacing=\u00bb0px\u00bb body_letter_spacing=\u00bb1px\u00bb body_line_height=\u00bb1.3em\u00bb custom_padding=\u00bb||45px||false|false\u00bb body_font_size_tablet=\u00bb\u00bb body_font_size_phone=\u00bb10px\u00bb body_font_size_last_edited=\u00bbon|phone\u00bb border_width_all_image=\u00bb4px\u00bb box_shadow_style_image=\u00bbpreset5&#8243; global_colors_info=\u00bb{}\u00bb sticky_transition=\u00bbon\u00bb]<\/p>\n<h4>\u00a0<span style=\"color: #800080;\">Reuni\u00f3n Informativa:<\/span><\/h4>\n<h5>\u00a0 \u00a0a cargo de Dr.<strong> Pedro Men\u00e9ndez <\/strong>\u00a0<span style=\"color: #3366ff;\"><\/span><\/h5>\n<h6><span style=\"color: #000080;\">\u00a013 de Diciembre &#8211; 19 hs &#8211; virtual (zoom) confirmar asistencia\u00a0 : <\/span>\u00a0<span style=\"font-size: 19px; text-align: center; color: #3366ff;\">info.cepfiorini@gmail.com<\/span><\/h6>\n<p><span style=\"color: #3366ff;\"><\/span><\/p>\n<h5><\/h5>\n<p>[\/et_pb_slide][et_pb_slide heading=\u00bbPosgrado en Ni\u00f1ez y Adolescencia &#8211; \u00bb image=\u00bbhttps:\/\/cep-argentina.com.ar\/cep\/wp-content\/uploads\/2023\/12\/posgrado-en-ninez-y-adolescencia-2024-reunion-informativa-virtual-4-diciembre-19-hs-a-cargo-de-Mger.-Rita-irigoyen-Confirmar-asistencia-a-info.cepfiorini@gmail.com_.jpg\u00bb content_tablet=\u00bb<\/p>\n<h4> Reuni\u00f3n Informativa:<\/h4>\n<h5>   a cargo de <strong>Mg. Rita Irigoyen<\/strong> <span style=%22color: #3366ff;%22><\/span><\/h5>\n<\/p>\n<h6>4 de Diciembre &#8211; 19 hs &#8211; virtual (zoom)<\/h6>\n<p>\u00bb content_phone=\u00bb<\/p>\n<\/p>\n<h5><\/h5>\n<h6> Reuni\u00f3n Informativa:<\/h6>\n<h6>   a cargo de <strong>Mg. Rita Irigoyen<\/strong> <span style=%22color: #3366ff;%22><\/span> 4 de Diciembre &#8211; 19 hs &#8211; virtual (zoom)<\/h6>\n<p><span style=%22font-size: 10px;%22>INSCRIPCI\u00d3N: <\/span><a href=%22mailto:info@cep-argentina.com.ar%22 style=%22font-size: 10px;%22>info@cep-argentina.com.ar<\/a><\/p>\n<h5><\/h5>\n<\/p>\n<p>\u00bb content_last_edited=\u00bbon|phone\u00bb _builder_version=\u00bb4.14.4&#8243; _module_preset=\u00bbdefault\u00bb header_font_size=\u00bb39px\u00bb header_letter_spacing=\u00bb0px\u00bb body_letter_spacing=\u00bb1px\u00bb body_line_height=\u00bb1.3em\u00bb custom_padding=\u00bb||45px||false|false\u00bb body_font_size_tablet=\u00bb\u00bb body_font_size_phone=\u00bb10px\u00bb body_font_size_last_edited=\u00bbon|phone\u00bb border_width_all_image=\u00bb4px\u00bb box_shadow_style_image=\u00bbpreset5&#8243; global_colors_info=\u00bb{}\u00bb sticky_transition=\u00bbon\u00bb]<\/p>\n<h3>\u00a0<span style=\"color: #0000ff;\">Reuni\u00f3n Informativa:<\/span><\/h3>\n<h5>\u00a0 \u00a0a cargo de Lic. Alejandra R\u00edos \u00a0<span style=\"color: #3366ff;\"><\/span><\/h5>\n<p>&nbsp;<\/p>\n<h6>7 de Febrero 2024\u00a0 &#8211; 19 hs &#8211; virtual (zoom)<\/h6>\n<h6><span style=\"color: #3366ff;\">\u00a0<\/span><span style=\"color: #3366ff;\">info.cepfiorini@gmail.com<\/span><\/h6>\n<p><span style=\"color: #3366ff;\"><\/span><\/p>\n<h5><\/h5>\n<p>[\/et_pb_slide][et_pb_slide heading=\u00bbPosgrado en Pareja 2024&#8243; image=\u00bbhttps:\/\/cep-argentina.com.ar\/cep\/wp-content\/uploads\/2023\/12\/FEBRERO-CHARLA-Posgrado-de-PAREJA-.jpg\u00bb content_tablet=\u00bb<\/p>\n<h4> Reuni\u00f3n Informativa:<\/h4>\n<h5>   a cargo de <strong>Mg. Rita Irigoyen<\/strong> <span style=%22color: #3366ff;%22><\/span><\/h5>\n<\/p>\n<h6>4 de Diciembre &#8211; 19 hs &#8211; virtual (zoom)<\/h6>\n<p>\u00bb content_phone=\u00bb<\/p>\n<\/p>\n<h5><\/h5>\n<h6> Reuni\u00f3n Informativa:<\/h6>\n<h6>   a cargo de <strong>Mg. Rita Irigoyen<\/strong> <span style=%22color: #3366ff;%22><\/span> 4 de Diciembre &#8211; 19 hs &#8211; virtual (zoom)<\/h6>\n<p><span style=%22font-size: 10px;%22>INSCRIPCI\u00d3N: <\/span><a href=%22mailto:info@cep-argentina.com.ar%22 style=%22font-size: 10px;%22>info@cep-argentina.com.ar<\/a><\/p>\n<h5><\/h5>\n<\/p>\n<p>\u00bb content_last_edited=\u00bbon|phone\u00bb _builder_version=\u00bb4.14.4&#8243; _module_preset=\u00bbdefault\u00bb header_font_size=\u00bb39px\u00bb header_letter_spacing=\u00bb0px\u00bb body_letter_spacing=\u00bb1px\u00bb body_line_height=\u00bb1.3em\u00bb custom_padding=\u00bb||45px||false|false\u00bb body_font_size_tablet=\u00bb\u00bb body_font_size_phone=\u00bb10px\u00bb body_font_size_last_edited=\u00bbon|phone\u00bb border_width_all_image=\u00bb4px\u00bb box_shadow_style_image=\u00bbpreset5&#8243; global_colors_info=\u00bb{}\u00bb sticky_transition=\u00bbon\u00bb]<\/p>\n<h3>\u00a0<span style=\"color: #3366ff;\">Reuni\u00f3n Informativa:<\/span><\/h3>\n<h5>\u00a0 \u00a0a cargo de Lic<strong>. Silvia Fern\u00e1ndez\u00a0<\/strong><span style=\"color: #3366ff;\"><\/span><\/h5>\n<p><span style=\"color: #800080;\"><strong>Lunes 26 de Febrero 2024 &#8211; 19: 30\u00a0 hs &#8211; virtual (zoom)<\/strong><\/span><\/p>\n<p><span style=\"color: #800080;\"><strong><span style=\"color: #333300;\">confirmar asistencia :<\/span>\u00a0<\/strong><\/span><\/p>\n<p><span style=\"color: #3366ff;\">\u00a0<\/span><span style=\"color: #3366ff;\">info.cepfiorini@gmail.com<\/span><\/p>\n<p><span style=\"color: #3366ff;\"><\/span><\/p>\n<h5><\/h5>\n<p>[\/et_pb_slide][et_pb_slide heading=\u00bbTerapia  Ni\u00f1os y Adolescentes \u00bb image=\u00bbhttps:\/\/cep-argentina.com.ar\/cep\/wp-content\/uploads\/2023\/09\/Post-instagram-Ninos-y-adolescentes.png\u00bb content_tablet=\u00bb\u00bb content_phone=\u00bb<\/p>\n<\/p>\n<h3><span style=%22color: #ff9900;%22><span style=%22color: #ffff00;%22>ARTE TERAPIA<\/span> <\/span><\/h3>\n<h5><span style=%22color: #ff9900;%22>DOCENTE: <\/span><\/h5>\n<p><span style=%22color: #000000;%22>DRA. HILDA WENGROWER<\/span><span style=%22color: #ff9900;%22><\/span><span style=%22color: #ff9900;%22><\/span><span style=%22color: #ff9900;%22><\/span><\/p>\n<h5><span style=%22color: #ff9900;%22>COORDINADORA :<\/span><br \/><span style=%22color: #ff9900;%22><\/span><\/h5>\n<p><span style=%22color: #000000;%22>Mg. ESTELA GARBER<\/span><\/p>\n<p><span style=%22color: #000000; font-size: 14px;%22>Magister de la New York University. <\/span><span style=%22color: #000000;%22>Registrada y Certificada ante la Asociaci\u00f3n y el Comit\u00e9 de Certificaci\u00f3n Norteamericanos de ArteTerapia. <\/span><span style=%22color: #000000;%22>Coordinadora y docente del Postgrado Vivencial de Arteterapia de CEP<\/span><br \/><span style=%22color: #000000;%22>Coordinadora de seminarios y Conversatorios sobre Procesos Creadores e Interdisciplinas dentro del<\/span><br \/><span style=%22color: #000000;%22>marco del Arteterapia y el Psicoan\u00e1lisis.<\/span><\/p>\n<p>INSCRIPCI\u00d3N: <a href=%22mailto:info@cep-argentina.com.ar%22>info@cep-argentina.com.ar<\/a><\/p>\n<h5><\/h5>\n<\/p>\n<p>\u00bb content_last_edited=\u00bbon|desktop\u00bb _builder_version=\u00bb4.14.4&#8243; _module_preset=\u00bbdefault\u00bb header_font_size=\u00bb31px\u00bb header_letter_spacing=\u00bb0px\u00bb body_letter_spacing=\u00bb1px\u00bb body_line_height=\u00bb1.3em\u00bb custom_padding=\u00bb||45px||false|false\u00bb body_font_size_tablet=\u00bb\u00bb body_font_size_phone=\u00bb10px\u00bb body_font_size_last_edited=\u00bbon|phone\u00bb border_width_all_image=\u00bb4px\u00bb box_shadow_style_image=\u00bbpreset5&#8243; global_colors_info=\u00bb{}\u00bb sticky_transition=\u00bbon\u00bb]<\/p>\n<h5>\u00a0<span style=\"color: #800080;\"><\/span><span style=\"color: #3366ff;\"><\/span><\/h5>\n<h6><span style=\"color: #3366ff;\">\u00a0<\/span><span style=\"color: #3366ff;\">info.cepfiorini@gmail.com<\/span><\/h6>\n<p><span style=\"color: #3366ff;\"><\/span><\/p>\n<h5><\/h5>\n<p>[\/et_pb_slide][et_pb_slide heading=\u00bbORIENTACION VOCACIONAL\u00bb image=\u00bbhttps:\/\/cep-argentina.com.ar\/cep\/wp-content\/uploads\/2023\/09\/Post-instagrram-orientacion-vocacional.png\u00bb content_tablet=\u00bb\u00bb content_phone=\u00bb<\/p>\n<\/p>\n<h3><span style=%22color: #ff9900;%22><span style=%22color: #ffff00;%22>ARTE TERAPIA<\/span> <\/span><\/h3>\n<h5><span style=%22color: #ff9900;%22>DOCENTE: <\/span><\/h5>\n<p><span style=%22color: #000000;%22>DRA. HILDA WENGROWER<\/span><span style=%22color: #ff9900;%22><\/span><span style=%22color: #ff9900;%22><\/span><span style=%22color: #ff9900;%22><\/span><\/p>\n<h5><span style=%22color: #ff9900;%22>COORDINADORA :<\/span><br \/><span style=%22color: #ff9900;%22><\/span><\/h5>\n<p><span style=%22color: #000000;%22>Mg. ESTELA GARBER<\/span><\/p>\n<p><span style=%22color: #000000; font-size: 14px;%22>Magister de la New York University. <\/span><span style=%22color: #000000;%22>Registrada y Certificada ante la Asociaci\u00f3n y el Comit\u00e9 de Certificaci\u00f3n Norteamericanos de ArteTerapia. <\/span><span style=%22color: #000000;%22>Coordinadora y docente del Postgrado Vivencial de Arteterapia de CEP<\/span><br \/><span style=%22color: #000000;%22>Coordinadora de seminarios y Conversatorios sobre Procesos Creadores e Interdisciplinas dentro del<\/span><br \/><span style=%22color: #000000;%22>marco del Arteterapia y el Psicoan\u00e1lisis.<\/span><\/p>\n<p>INSCRIPCI\u00d3N: <a href=%22mailto:info@cep-argentina.com.ar%22>info@cep-argentina.com.ar<\/a><\/p>\n<h5><\/h5>\n<\/p>\n<p>\u00bb content_last_edited=\u00bbon|desktop\u00bb _builder_version=\u00bb4.14.4&#8243; _module_preset=\u00bbdefault\u00bb header_font_size=\u00bb31px\u00bb header_letter_spacing=\u00bb0px\u00bb body_letter_spacing=\u00bb1px\u00bb body_line_height=\u00bb1.3em\u00bb custom_padding=\u00bb||45px||false|false\u00bb body_font_size_tablet=\u00bb\u00bb body_font_size_phone=\u00bb10px\u00bb body_font_size_last_edited=\u00bbon|phone\u00bb border_width_all_image=\u00bb4px\u00bb box_shadow_style_image=\u00bbpreset5&#8243; global_colors_info=\u00bb{}\u00bb sticky_transition=\u00bbon\u00bb]<\/p>\n<h5><span style=\"color: #800080;\">Equipo de Psicoterapeutas :\u00a0<\/span><\/h5>\n<h6><span style=\"color: #800080;\">Lic. Liliana Colombo<\/span><\/h6>\n<h6><span style=\"color: #800080;\">Lic. Marcela Mata\u00a0<\/span><\/h6>\n<h6><span style=\"color: #800080;\">Lic. Victoria Vivona<\/span><\/h6>\n<h6><span style=\"color: #3366ff;\"><\/span><\/h6>\n<h6><span style=\"color: #3366ff;\">\u00a0<\/span><span style=\"color: #3366ff;\">info.cepfiorini@gmail.com<\/span><\/h6>\n<p><span style=\"color: #3366ff;\"><\/span><\/p>\n<h5><\/h5>\n<p>[\/et_pb_slide][et_pb_slide heading=\u00bbTerapia  Adultos \u00bb image=\u00bbhttps:\/\/cep-argentina.com.ar\/cep\/wp-content\/uploads\/2023\/09\/Post-instagram-Adultos-.png\u00bb content_tablet=\u00bb\u00bb content_phone=\u00bb<\/p>\n<\/p>\n<h3><span style=%22color: #ff9900;%22><span style=%22color: #ffff00;%22>ARTE TERAPIA<\/span> <\/span><\/h3>\n<h5><span style=%22color: #ff9900;%22>DOCENTE: <\/span><\/h5>\n<p><span style=%22color: #000000;%22>DRA. HILDA WENGROWER<\/span><span style=%22color: #ff9900;%22><\/span><span style=%22color: #ff9900;%22><\/span><span style=%22color: #ff9900;%22><\/span><\/p>\n<h5><span style=%22color: #ff9900;%22>COORDINADORA :<\/span><br \/><span style=%22color: #ff9900;%22><\/span><\/h5>\n<p><span style=%22color: #000000;%22>Mg. ESTELA GARBER<\/span><\/p>\n<p><span style=%22color: #000000; font-size: 14px;%22>Magister de la New York University. <\/span><span style=%22color: #000000;%22>Registrada y Certificada ante la Asociaci\u00f3n y el Comit\u00e9 de Certificaci\u00f3n Norteamericanos de ArteTerapia. <\/span><span style=%22color: #000000;%22>Coordinadora y docente del Postgrado Vivencial de Arteterapia de CEP<\/span><br \/><span style=%22color: #000000;%22>Coordinadora de seminarios y Conversatorios sobre Procesos Creadores e Interdisciplinas dentro del<\/span><br \/><span style=%22color: #000000;%22>marco del Arteterapia y el Psicoan\u00e1lisis.<\/span><\/p>\n<p>INSCRIPCI\u00d3N: <a href=%22mailto:info@cep-argentina.com.ar%22>info@cep-argentina.com.ar<\/a><\/p>\n<h5><\/h5>\n<\/p>\n<p>\u00bb content_last_edited=\u00bbon|desktop\u00bb _builder_version=\u00bb4.14.4&#8243; _module_preset=\u00bbdefault\u00bb header_font_size=\u00bb31px\u00bb header_letter_spacing=\u00bb0px\u00bb body_letter_spacing=\u00bb1px\u00bb body_line_height=\u00bb1.3em\u00bb custom_padding=\u00bb||45px||false|false\u00bb body_font_size_tablet=\u00bb\u00bb body_font_size_phone=\u00bb10px\u00bb body_font_size_last_edited=\u00bbon|phone\u00bb border_width_all_image=\u00bb4px\u00bb box_shadow_style_image=\u00bbpreset5&#8243; global_colors_info=\u00bb{}\u00bb sticky_transition=\u00bbon\u00bb]<\/p>\n<h5>\u00a0Coordinadora : Lic. Estela Marquinez\u00a0<span style=\"color: #800080;\"><\/span><span style=\"color: #3366ff;\"><\/span><\/h5>\n<h6><span style=\"color: #3366ff;\">\u00a0<\/span><span style=\"color: #3366ff;\">info.cepfiorini@gmail.com<\/span><\/h6>\n<p><span style=\"color: #3366ff;\"><\/span><\/p>\n<h5><\/h5>\n<p>[\/et_pb_slide][et_pb_slide heading=\u00bbCURSO DE TERAPIAS FOCALIZADAS DE CORTO PLAZO\u00bb content_tablet=\u00bb\u00bb content_phone=\u00bb<\/p>\n<\/p>\n<h3><span style=%22color: #ff9900;%22><span style=%22color: #ffff00;%22>ARTE TERAPIA<\/span> <\/span><\/h3>\n<h5><span style=%22color: #ff9900;%22>DOCENTE: <\/span><\/h5>\n<p><span style=%22color: #000000;%22>DRA. HILDA WENGROWER<\/span><span style=%22color: #ff9900;%22><\/span><span style=%22color: #ff9900;%22><\/span><span style=%22color: #ff9900;%22><\/span><\/p>\n<h5><span style=%22color: #ff9900;%22>COORDINADORA :<\/span><br \/><span style=%22color: #ff9900;%22><\/span><\/h5>\n<p><span style=%22color: #000000;%22>Mg. ESTELA GARBER<\/span><\/p>\n<p><span style=%22color: #000000; font-size: 14px;%22>Magister de la New York University. <\/span><span style=%22color: #000000;%22>Registrada y Certificada ante la Asociaci\u00f3n y el Comit\u00e9 de Certificaci\u00f3n Norteamericanos de ArteTerapia. <\/span><span style=%22color: #000000;%22>Coordinadora y docente del Postgrado Vivencial de Arteterapia de CEP<\/span><br \/><span style=%22color: #000000;%22>Coordinadora de seminarios y Conversatorios sobre Procesos Creadores e Interdisciplinas dentro del<\/span><br \/><span style=%22color: #000000;%22>marco del Arteterapia y el Psicoan\u00e1lisis.<\/span><\/p>\n<p>INSCRIPCI\u00d3N: <a href=%22mailto:info@cep-argentina.com.ar%22>info@cep-argentina.com.ar<\/a><\/p>\n<h5><\/h5>\n<\/p>\n<p>\u00bb content_last_edited=\u00bbon|desktop\u00bb _builder_version=\u00bb4.14.4&#8243; _module_preset=\u00bbdefault\u00bb header_font_size=\u00bb31px\u00bb header_letter_spacing=\u00bb0px\u00bb body_letter_spacing=\u00bb1px\u00bb body_line_height=\u00bb1.3em\u00bb custom_padding=\u00bb||45px||false|false\u00bb body_font_size_tablet=\u00bb\u00bb body_font_size_phone=\u00bb10px\u00bb body_font_size_last_edited=\u00bbon|phone\u00bb border_width_all_image=\u00bb4px\u00bb box_shadow_style_image=\u00bbpreset5&#8243; global_colors_info=\u00bb{}\u00bb sticky_transition=\u00bbon\u00bb]<\/p>\n<h5>\u00a0<span style=\"color: #800080;\">Docente\u00a0 :\u00a0 MGER. RITA FERNANDEZ\u00a0 DE IRIGOYEN<\/span><\/h5>\n<p><span style=\"color: #800080;\">2024 &#8211; comienzo a confirmar\u00a0<\/span><\/p>\n<h6><span style=\"color: #3366ff;\">HORARIO\u00a0 : 19\u00a0 A 20 :30 HS<\/span><\/h6>\n<h6><span style=\"color: #3366ff;\">Virtual\u00a0 VIA\u00a0 ZOOM<\/span><\/h6>\n<h6><span style=\"color: #3366ff;\">\u00a0<\/span><span style=\"color: #3366ff;\">info.cepfiorini@gmail.com<\/span><\/h6>\n<p><span style=\"color: #3366ff;\"><\/span><\/p>\n<h5><\/h5>\n<p>[\/et_pb_slide][et_pb_slide heading=\u00bbCURSO  DE ACTUALIZACI\u00d3N \u00bb content_tablet=\u00bb\u00bb content_phone=\u00bb<\/p>\n<h3><span style=%22color: #ff9900;%22><span style=%22color: #ffff00;%22>ARTE TERAPIA<\/span> <\/span><\/h3>\n<h5><span style=%22color: #ff9900;%22>Docente :<\/span><br \/><span style=%22color: #ff9900;%22><\/span><\/h5>\n<p><span style=%22color: #000000;%22>Mg. Estela Garber<\/span><\/p>\n<p><span style=%22color: #000000; font-size: 14px;%22>Magister de la New York University. <\/span><span style=%22color: #000000;%22>Registrada y Certificada ante la Asociaci\u00f3n y el Comit\u00e9 de Certificaci\u00f3n Norteamericanos de ArteTerapia. <\/span><span style=%22color: #000000;%22>Coordinadora y docente del Postgrado Vivencial de Arteterapia de CEP<\/span><br \/><span style=%22color: #000000;%22>Coordinadora de seminarios y Conversatorios sobre Procesos Creadores e Interdisciplinas dentro del<\/span><br \/><span style=%22color: #000000;%22>marco del Arteterapia y el Psicoan\u00e1lisis.<\/span><\/p>\n<p>INSCRIPCI\u00d3N: <a href=%22mailto:info@cep-argentina.com.ar%22>info@cep-argentina.com.ar<\/a><\/p>\n<h5><\/h5>\n<p>\u00bb content_last_edited=\u00bbon|phone\u00bb _builder_version=\u00bb4.14.4&#8243; _module_preset=\u00bbdefault\u00bb header_font_size=\u00bb31px\u00bb header_letter_spacing=\u00bb0px\u00bb body_letter_spacing=\u00bb1px\u00bb body_line_height=\u00bb1.3em\u00bb custom_padding=\u00bb||45px||false|false\u00bb body_font_size_tablet=\u00bb\u00bb body_font_size_phone=\u00bb10px\u00bb body_font_size_last_edited=\u00bbon|phone\u00bb border_width_all_image=\u00bb4px\u00bb box_shadow_style_image=\u00bbpreset5&#8243; global_colors_info=\u00bb{}\u00bb sticky_transition=\u00bbon\u00bb]<\/p>\n<h3><span style=\"color: #ff9900;\">PSICOPATOLOGIA CONTEMPOR\u00c1NEA<\/span><span style=\"color: #ff9900;\"><\/span><\/h3>\n<h5><span style=\"color: #000000;\">Mg. Rita Irigoyen- Lic. Florencia Iriarte\u00a0<\/span><\/h5>\n<p><span style=\"color: #000000;\">Docentes Invitados\u00a0<\/span><\/p>\n<p><span style=\"color: #000000;\"><span style=\"font-size: 14px;\">Semanal en forma virtual- Martes\u00a0<\/span><\/span><\/p>\n<p><span style=\"color: #000000;\"><span style=\"font-size: 14px;\"> Comienza en\u00a0 Abril 2024<\/span><\/span><\/p>\n<p>&nbsp;<\/p>\n<h5>Inscripcion : <a href=\"mailto:info@cep-argentina.com.ar\">info@cep-argentina.com.ar<\/a><\/h5>\n<h5><\/h5>\n<p>[\/et_pb_slide][et_pb_slide heading=\u00bbPOSGRADO  DE ARTE TERAPIA \u00bb content_tablet=\u00bb\u00bb content_phone=\u00bb<\/p>\n<h3><span style=%22color: #ff9900;%22><span style=%22color: #ffff00;%22>ARTE TERAPIA<\/span> <\/span><\/h3>\n<h5><span style=%22color: #ff9900;%22>Docente :<\/span><br \/><span style=%22color: #ff9900;%22><\/span><\/h5>\n<p><span style=%22color: #000000;%22>Mg. Estela Garber<\/span><\/p>\n<p><span style=%22color: #000000; font-size: 14px;%22>Magister de la New York University. <\/span><span style=%22color: #000000;%22>Registrada y Certificada ante la Asociaci\u00f3n y el Comit\u00e9 de Certificaci\u00f3n Norteamericanos de ArteTerapia. <\/span><span style=%22color: #000000;%22>Coordinadora y docente del Postgrado Vivencial de Arteterapia de CEP<\/span><br \/><span style=%22color: #000000;%22>Coordinadora de seminarios y Conversatorios sobre Procesos Creadores e Interdisciplinas dentro del<\/span><br \/><span style=%22color: #000000;%22>marco del Arteterapia y el Psicoan\u00e1lisis.<\/span><\/p>\n<p>INSCRIPCI\u00d3N: <a href=%22mailto:info@cep-argentina.com.ar%22>info@cep-argentina.com.ar<\/a><\/p>\n<h5><\/h5>\n<p>\u00bb content_last_edited=\u00bbon|phone\u00bb _builder_version=\u00bb4.14.4&#8243; _module_preset=\u00bbdefault\u00bb header_font_size=\u00bb31px\u00bb header_letter_spacing=\u00bb0px\u00bb body_letter_spacing=\u00bb1px\u00bb body_line_height=\u00bb1.3em\u00bb custom_padding=\u00bb||45px||false|false\u00bb body_font_size_tablet=\u00bb\u00bb body_font_size_phone=\u00bb10px\u00bb body_font_size_last_edited=\u00bbon|phone\u00bb border_width_all_image=\u00bb4px\u00bb box_shadow_style_image=\u00bbpreset5&#8243; global_colors_info=\u00bb{}\u00bb sticky_transition=\u00bbon\u00bb]<\/p>\n<h3><span style=\"color: #ff9900;\">Docente :<\/span><br \/><span style=\"color: #ff9900;\"><\/span><\/h3>\n<h4><span style=\"color: #000000;\">Mger. Estela Garber <\/span><\/h4>\n<h6><span style=\"color: #000000;\">Comienzo en Marzo 2024\u00a0<\/span><\/h6>\n<h6><span style=\"color: #000000;\">&#8211; plataforma virtual interactiva y encuentros mensuales por zoom<\/span><\/h6>\n<h6>Informes e inscripcion : <a href=\"mailto:info@cep-argentina.com.ar\">info@cep-argentina.com.ar<\/a><\/h6>\n<h5><\/h5>\n<p>[\/et_pb_slide][et_pb_slide heading=\u00bb          INTERVENCIONES DEL TERAPEUTA \u00bb _builder_version=\u00bb4.14.4&#8243; _module_preset=\u00bbdefault\u00bb background_enable_image=\u00bboff\u00bb background_size=\u00bbcontain\u00bb background_position=\u00bbcenter_right\u00bb global_colors_info=\u00bb{}\u00bb sticky_transition=\u00bbon\u00bb]<\/p>\n<h3 style=\"text-align: center;\"><span style=\"color: #ff00ff;\">Seminario Quincenal 2024<\/span><\/h3>\n<h5 style=\"text-align: center;\">Jueves 18:30\u00a0 a\u00a0 20 hs.<\/h5>\n<h6><em>\u00a0Lic. Claudia P. LLoveras-Lic. M\u00f3nica Regueiro\u00a0<\/em><\/h6>\n<h6><span style=\"color: #0000ff;\"><em>Inscripci\u00f3n : info.cepfiorini@gmail.com<\/em><\/span><\/h6>\n<p>&nbsp;<\/p>\n<p>[\/et_pb_slide][et_pb_slide heading=\u00bbPOSGRADO  de PAREJA\u00bb content_tablet=\u00bb\u00bb content_phone=\u00bb<\/p>\n<h3><span style=%22color: #ff9900;%22><span style=%22color: #ffff00;%22>ARTE TERAPIA<\/span> <\/span><\/h3>\n<h5><span style=%22color: #ff9900;%22>Docente :<\/span><br \/><span style=%22color: #ff9900;%22><\/span><\/h5>\n<p><span style=%22color: #000000;%22>Mg. Estela Garber<\/span><\/p>\n<p><span style=%22color: #000000; font-size: 14px;%22>Magister de la New York University. <\/span><span style=%22color: #000000;%22>Registrada y Certificada ante la Asociaci\u00f3n y el Comit\u00e9 de Certificaci\u00f3n Norteamericanos de ArteTerapia. <\/span><span style=%22color: #000000;%22>Coordinadora y docente del Postgrado Vivencial de Arteterapia de CEP<\/span><br \/><span style=%22color: #000000;%22>Coordinadora de seminarios y Conversatorios sobre Procesos Creadores e Interdisciplinas dentro del<\/span><br \/><span style=%22color: #000000;%22>marco del Arteterapia y el Psicoan\u00e1lisis.<\/span><\/p>\n<p>INSCRIPCI\u00d3N: <a href=%22mailto:info@cep-argentina.com.ar%22>info@cep-argentina.com.ar<\/a><\/p>\n<h5><\/h5>\n<p>\u00bb content_last_edited=\u00bbon|phone\u00bb _builder_version=\u00bb4.14.4&#8243; _module_preset=\u00bbdefault\u00bb header_font_size=\u00bb31px\u00bb header_letter_spacing=\u00bb0px\u00bb body_letter_spacing=\u00bb1px\u00bb body_line_height=\u00bb1.3em\u00bb custom_padding=\u00bb||45px||false|false\u00bb body_font_size_tablet=\u00bb\u00bb body_font_size_phone=\u00bb10px\u00bb body_font_size_last_edited=\u00bbon|phone\u00bb border_width_all_image=\u00bb4px\u00bb box_shadow_style_image=\u00bbpreset5&#8243; global_colors_info=\u00bb{}\u00bb sticky_transition=\u00bbon\u00bb]<\/p>\n<h4><span style=\"color: #ff9900;\">\u00a0<\/span><span style=\"color: #ff9900;\">Docente<\/span><br \/><span style=\"color: #ff9900;\"><\/span><\/h4>\n<h5><span style=\"color: #000000;\">\u00a0Lic. SILVIA D. FERNANDEZ\u00a0 y Equipo<\/span><\/h5>\n<h3><span style=\"color: #000000;\"><span style=\"font-size: 14px;\">2 a\u00f1os &#8211;\u00a0<\/span><\/span><\/h3>\n<p><span style=\"color: #000000;\"><span style=\"font-size: 14px;\">1 Sabado por mes\u00a0 de 9 a 12 hs. -virtual-\u00a0 Comienzo Abril 2024<\/span><\/span><\/p>\n<h5>Informes e inscripcion : <a href=\"mailto:info@cep-argentina.com.ar\">info@cep-argentina.com.ar<\/a><\/h5>\n<h5><\/h5>\n<p>[\/et_pb_slide][et_pb_slide heading=\u00bbDr. Fiorini &#8211; Congreso de Apsa\u00bb button_link=\u00bbhttp:\/\/info@cep-argentina.com.ar\u00bb video_url=\u00bbhttp:\/\/https:\/\/www.youtube.com\/watch?v=OsWm1hCG4wc&#038;list=PLFAM2WKnzwBap6k7Q57vMw4e51VxH5-II\u00bb heading_tablet=\u00bb\u00bb heading_phone=\u00bb%22La Disponibilidad del Analista%22&#8243; heading_last_edited=\u00bbon|phone\u00bb content_tablet=\u00bb\u00bb content_phone=\u00bb<\/p>\n<p><span style=%22color: #003366;%22>Queremos compartir la alegr\u00eda del lanzamiento del libro, de nuestra querida docente, Dra. Silvia Saraceno Fasce. Quien fu\u00e9 acompa\u00f1ada a trav\u00e9s de su pr\u00f3logo por el Dr. H\u00e9ctor J. Fiorini. \u00a1Felicitaciones !<\/span><\/p>\n<p>\u00bb content_last_edited=\u00bbon|phone\u00bb _builder_version=\u00bb4.14.4&#8243; _module_preset=\u00bbdefault\u00bb header_font_size=\u00bb36px\u00bb body_font_size=\u00bb8px\u00bb body_line_height=\u00bb1.5em\u00bb background_image=\u00bbhttps:\/\/cep-argentina.com.ar\/cep\/wp-content\/uploads\/2022\/11\/FIORINI-apsa-.png\u00bb background_enable_image=\u00bbon\u00bb header_font_size_tablet=\u00bb\u00bb header_font_size_phone=\u00bb34px\u00bb header_font_size_last_edited=\u00bbon|phone\u00bb body_text_color_tablet=\u00bb\u00bb body_text_color_phone=\u00bb\u00bb body_text_color_last_edited=\u00bbon|phone\u00bb body_font_size_tablet=\u00bb\u00bb body_font_size_phone=\u00bb17px\u00bb body_font_size_last_edited=\u00bbon|phone\u00bb body_text_shadow_style=\u00bbpreset5&#8243; border_radii_image=\u00bbon|24px|24px|24px|24px\u00bb box_shadow_style_image=\u00bbpreset2&#8243; box_shadow_horizontal_image=\u00bb31px\u00bb text_shadow_style=\u00bbpreset4&#8243; text_shadow_color=\u00bb#8300E9&#8243; global_colors_info=\u00bb{}\u00bb sticky_transition=\u00bbon\u00bb]<\/p>\n<h5><span style=\"color: #3366ff;\">https:\/\/www.youtube.com\/watch?v=OsWm1hCG4wc&amp;list=PLFAM2WKnzwBap6k7Q57vMw4e51VxH5-II<\/span><\/h5>\n<p>[\/et_pb_slide][et_pb_slide heading=\u00bb           \u00bb _builder_version=\u00bb4.14.4&#8243; _module_preset=\u00bbdefault\u00bb background_image=\u00bbhttps:\/\/cep-argentina.com.ar\/cep\/wp-content\/uploads\/2023\/06\/foto-Gri-cep-Cordoba.png\u00bb background_enable_image=\u00bbon\u00bb background_size=\u00bbcontain\u00bb background_position=\u00bbbottom_center\u00bb width=\u00bb94%\u00bb max_width=\u00bb100%\u00bb global_colors_info=\u00bb{}\u00bb sticky_transition=\u00bbon\u00bb]<\/p>\n<h1 style=\"text-align: left;\"><\/h1>\n<h1 style=\"text-align: left;\"><\/h1>\n<h1 style=\"text-align: left;\">LIC. GRICELDA FERRERO<\/h1>\n<p>&nbsp;<\/p>\n<h3 style=\"text-align: left;\">GRACIAS !!!<\/h3>\n<p>&nbsp;<\/p>\n<h4 style=\"text-align: left;\">DE TODO\u00a0 \u00a0CEP<\/h4>\n<p style=\"text-align: left;\">Mayo 2023<\/p>\n<p>&nbsp;<\/p>\n<h4><\/h4>\n<p>&nbsp;<\/p>\n<h6><\/h6>\n<p>[\/et_pb_slide][et_pb_slide heading=\u00bbHOMENAJE \u00bb button_text=\u00bbLink de acceso\u00bb button_link=\u00bbhttps:\/\/us02web.zoom.us\/j\/83626373527?pwd=QUo2elRHSS8xS29BRDdjbldoTlMyZz09&#8243; url_new_window=\u00bbon\u00bb image=\u00bbhttps:\/\/cep-argentina.com.ar\/cep\/wp-content\/uploads\/2023\/11\/HOMENAJE-A-HECTOR-FIORINI-Lunes-2011-19.30-a-21h-En-el-primer-aniversario-de-su-fallecimiento-estaremos-homenajeando-a-quien-fuera-nuestro-mentor-asesor-academico-y-piedra-fundamenta.png\u00bb button_text_tablet=\u00bbInscripci\u00f3n\u00bb button_text_phone=\u00bbInscripcion\u00bb button_text_last_edited=\u00bbon|desktop\u00bb _builder_version=\u00bb4.14.4&#8243; _module_preset=\u00bbdefault\u00bb custom_button=\u00bbon\u00bb button_text_size=\u00bb13px\u00bb button_text_color=\u00bb#000000&#8243; button_bg_color=\u00bb#FFFFFF\u00bb hover_transition_duration=\u00bb400ms\u00bb link_option_url_new_window=\u00bbon\u00bb global_colors_info=\u00bb{}\u00bb button_text__hover_enabled=\u00bbon|desktop\u00bb sticky_transition=\u00bbon\u00bb button_text__hover=\u00bbLink de acceso\u00bb]<\/p>\n<h5>MONTEVIDEO &#8211; URUGUAY<\/h5>\n<h5>VIRTUAL\u00a0 POR\u00a0 ZOOM- 20 Noviembre &#8211; 19:30\u00a0<\/h5>\n<h6 style=\"text-align: center;\"><span style=\"color: #3366ff;\"><i>ID de reuni\u00f3n: 836 2637 3527<br \/>C\u00f3digo de acceso: 994122<\/i><\/span><\/h6>\n<p>[\/et_pb_slide][et_pb_slide heading=\u00bb           \u00bb image=\u00bbhttps:\/\/cep-argentina.com.ar\/cep\/wp-content\/uploads\/2022\/11\/APSA-NOV-22-FIORINI.jpg\u00bb _builder_version=\u00bb4.14.4&#8243; _module_preset=\u00bbdefault\u00bb background_enable_image=\u00bboff\u00bb background_size=\u00bbcontain\u00bb background_position=\u00bbcenter_right\u00bb global_colors_info=\u00bb{}\u00bb sticky_transition=\u00bbon\u00bb]<\/p>\n<h1 style=\"text-align: justify;\">APSA<\/h1>\n<h1 style=\"text-align: left;\"><\/h1>\n<p>&nbsp;<\/p>\n<h5>In Memoriam<\/h5>\n<p>&nbsp;<\/p>\n<h2>Dr. H\u00e9ctor Fiorini<\/h2>\n<h1 style=\"text-align: left;\"><\/h1>\n<h1 style=\"text-align: left;\"><\/h1>\n<h1 style=\"text-align: left;\"><\/h1>\n<h1 style=\"text-align: left;\"><\/h1>\n<h1 style=\"text-align: left;\"><\/h1>\n<h4><\/h4>\n<p>&nbsp;<\/p>\n<p>[\/et_pb_slide][et_pb_slide heading=\u00bb           \u00bb _builder_version=\u00bb4.14.4&#8243; _module_preset=\u00bbdefault\u00bb background_image=\u00bbhttps:\/\/cep-argentina.com.ar\/cep\/wp-content\/uploads\/2017\/09\/perfil_hector-1.png\u00bb background_enable_image=\u00bbon\u00bb background_size=\u00bbcontain\u00bb background_position=\u00bbcenter_right\u00bb width=\u00bb94%\u00bb max_width=\u00bb100%\u00bb global_colors_info=\u00bb{}\u00bb sticky_transition=\u00bbon\u00bb]<\/p>\n<h1 style=\"text-align: left;\"><\/h1>\n<h1 style=\"text-align: left;\"><\/h1>\n<h1 style=\"text-align: left;\">DR. H\u00c9CTOR J. FIORINI<\/h1>\n<p>&nbsp;<\/p>\n<h3 style=\"text-align: left;\">GRACIAS !!!<\/h3>\n<p>&nbsp;<\/p>\n<h4 style=\"text-align: left;\">DE TODO\u00a0 \u00a0CEP<\/h4>\n<p style=\"text-align: left;\">1937-2022<\/p>\n<p>&nbsp;<\/p>\n<h4><\/h4>\n<p>&nbsp;<\/p>\n<h6><\/h6>\n<p>[\/et_pb_slide][\/et_pb_fullwidth_slider][\/et_pb_section][et_pb_section fb_built=\u00bb1&#8243; custom_padding_last_edited=\u00bbon|desktop\u00bb admin_label=\u00bbsection\u00bb _builder_version=\u00bb3.22&#8243; background_color=\u00bb#ffffff\u00bb custom_padding=\u00bb||25px|\u00bb custom_padding_tablet=\u00bb50px|0|50px|0&#8243; custom_padding_phone=\u00bb50px|0|50px|0&#8243; transparent_background=\u00bboff\u00bb padding_mobile=\u00bboff\u00bb make_fullwidth=\u00bboff\u00bb use_custom_width=\u00bboff\u00bb width_unit=\u00bbon\u00bb global_colors_info=\u00bb{}\u00bb][et_pb_row column_structure=\u00bb1_2,1_2&#8243; admin_label=\u00bbFila\u00bb _builder_version=\u00bb4.14.4&#8243; background_size=\u00bbinitial\u00bb background_position=\u00bbtop_left\u00bb background_repeat=\u00bbrepeat\u00bb custom_padding=\u00bb||68px|||\u00bb global_colors_info=\u00bb{}\u00bb][et_pb_column type=\u00bb1_2&#8243; _builder_version=\u00bb4.14.4&#8243; _module_preset=\u00bbdefault\u00bb global_colors_info=\u00bb{}\u00bb][\/et_pb_column][et_pb_column type=\u00bb1_2&#8243; _builder_version=\u00bb3.25&#8243; custom_padding=\u00bb|||\u00bb global_colors_info=\u00bb{}\u00bb custom_padding__hover=\u00bb|||\u00bb][et_pb_text admin_label=\u00bbTexto\u00bb _builder_version=\u00bb4.14.4&#8243; header_text_align=\u00bbleft\u00bb header_line_height=\u00bb1.3em\u00bb background_size=\u00bbinitial\u00bb background_position=\u00bbtop_left\u00bb background_repeat=\u00bbrepeat\u00bb use_border_color=\u00bboff\u00bb border_color=\u00bb#ffffff\u00bb border_style=\u00bbsolid\u00bb global_colors_info=\u00bb{}\u00bb]<\/p>\n<h1><\/h1>\n<h1><\/h1>\n<h1><\/h1>\n<h1>Posgrado en Teor\u00eda y T\u00e9cnica en Pareja y Familia 2024<\/h1>\n<h4 style=\"text-align: center;\"><\/h4>\n<p>[\/et_pb_text][\/et_pb_column][\/et_pb_row][et_pb_row column_structure=\u00bb1_3,2_3&#8243; admin_label=\u00bbrow\u00bb _builder_version=\u00bb3.25&#8243; background_size=\u00bbinitial\u00bb background_position=\u00bbtop_left\u00bb background_repeat=\u00bbrepeat\u00bb global_colors_info=\u00bb{}\u00bb][et_pb_column type=\u00bb1_3&#8243; _builder_version=\u00bb3.25&#8243; custom_padding=\u00bb|||\u00bb global_colors_info=\u00bb{}\u00bb custom_padding__hover=\u00bb|||\u00bb][et_pb_text admin_label=\u00bbTexto\u00bb _builder_version=\u00bb4.14.4&#8243; background_color=\u00bb#dbdbdb\u00bb background_size=\u00bbinitial\u00bb background_position=\u00bbtop_left\u00bb background_repeat=\u00bbrepeat\u00bb custom_padding=\u00bb20px|20px|20px|20px\u00bb use_border_color=\u00bboff\u00bb border_color=\u00bb#ffffff\u00bb border_style=\u00bbsolid\u00bb global_colors_info=\u00bb{}\u00bb]<\/p>\n<h5><strong>\u00a0HORARIOS:\u00a0\u00a0<\/strong> Nivel 1 de 9 a 12hs\u00a0 \u00a0 \u00a0 \u00a0&#8211;\u00a0 \u00a0 \u00a0 \u00a0 \u00a0 \u00a0Nivel II de 13 a 16hs.<\/h5>\n<p>En simult\u00e1neo con\u00a0 CEP C\u00f3rdoba y CEP Tucum\u00e1n<\/p>\n<ul><\/ul>\n<p>[\/et_pb_text][et_pb_text admin_label=\u00bbTexto\u00bb _builder_version=\u00bb3.27.4&#8243; background_size=\u00bbinitial\u00bb background_position=\u00bbtop_left\u00bb background_repeat=\u00bbrepeat\u00bb use_border_color=\u00bboff\u00bb border_color=\u00bb#ffffff\u00bb border_style=\u00bbsolid\u00bb global_colors_info=\u00bb{}\u00bb]<\/p>\n<h5><span style=\"color: #339966;\">EVALUACI\u00d3N<\/span><\/h5>\n<p>Al t\u00e9rmino de cada cuatrimestre se realizar\u00e1 un trabajo de evaluaci\u00f3n individual Estos ser\u00e1n\u00a0 preparatorios del trabajo grupal que deber\u00e1 realizarse a final\u00a0 de la cursada. La bibliograf\u00eda ser\u00e1 oportunamente presentada con cada tema a desarrollar. Incluir\u00e1 los casos que se desarrollar\u00e1n<\/p>\n<h5><span style=\"color: #339966;\">METODOLOG\u00cdA<\/span><\/h5>\n<p>Talleres Cl\u00ednicos y clases expositivas. Participaci\u00f3n de invitados que desarrollen su enfoque<\/p>\n<p><strong>CURSADA\u00a0<\/strong><\/p>\n<p>8 Encuentros<br \/>\n[\/et_pb_text][\/et_pb_column][et_pb_column type=\u00bb2_3&#8243; _builder_version=\u00bb3.25&#8243; custom_padding=\u00bb|||\u00bb global_colors_info=\u00bb{}\u00bb custom_padding__hover=\u00bb|||\u00bb][et_pb_text admin_label=\u00bbTexto\u00bb _builder_version=\u00bb3.27.4&#8243; background_size=\u00bbinitial\u00bb background_position=\u00bbtop_left\u00bb background_repeat=\u00bbrepeat\u00bb use_border_color=\u00bboff\u00bb border_color=\u00bb#ffffff\u00bb border_style=\u00bbsolid\u00bb global_colors_info=\u00bb{}\u00bb]<\/p>\n<h5><span style=\"color: #339966;\">FUNDAMENTACI\u00d3N<\/span><\/h5>\n<p>La cl\u00ednica actual nos plantea nuevos desaf\u00edos, el conocimiento de los v\u00ednculos aporta a la misma un \u00e1ngulo que abre puertas\u00a0 para la comprensi\u00f3n y abordaje de las situaciones cl\u00ednicas no s\u00f3lo de pareja y familia sino tambi\u00e9n del campo de lo individual<\/p>\n<p>El conocimiento de escenarios interaccionales y vinculares complejiza al articular\u00a0 nuevas propiedades y relaciones. Lo que permite abrir alternativas estrat\u00e9gicas para su abordaje.<\/p>\n<p>El ciclo de vida familiar, el contexto, las reglas de relaci\u00f3n, las relaciones de poder, el g\u00e9nero, los espacios ps\u00edquicos, alianzas y pactos son parte de los componentes de dicha situaci\u00f3n.<br \/>\nAparte de la incorporaci\u00f3n de estos conceptos, \u00a0los mismos deber\u00e1n colaborar en la doble lectura sist\u00e9mica y psicoanal\u00edtica que buscamos que cada participante incorpore durante la cursada.<\/p>\n<p>Leer las situaciones cl\u00ednicas desde esta doble visi\u00f3n aporta profundidad y ensancha las v\u00edas de un\u00a0 abordaje focalizado\u00a0 y estrat\u00e9gico.<br \/>\nPor todo esto creemos que estas herramientas pueden servir para aquel que desea introducirse en el rol del terapeuta de pareja y familia como para el terapeuta individual. Desarrollaremos esta perspectiva a trav\u00e9s de:<\/p>\n<ol>\n<li>Trabajar situaciones cl\u00ednicas de pareja y familia que recorran las distintas tem\u00e1ticas enunciadas<\/li>\n<li>Aplicar la teor\u00eda a estas situaciones cl\u00ednicas ( se dar\u00e1 bibliograf\u00eda espec\u00edfica para cada caso presentado)<\/li>\n<li>El eje estar\u00e1 centrado en comprender la situaci\u00f3n cl\u00ednica y desarrollar l\u00edneas de abordaje adecuadas a las mismas con la correspondiente bibliograf\u00eda.<\/li>\n<\/ol>\n<p>[\/et_pb_text][et_pb_text admin_label=\u00bbTexto\u00bb _builder_version=\u00bb3.27.4&#8243; background_size=\u00bbinitial\u00bb background_position=\u00bbtop_left\u00bb background_repeat=\u00bbrepeat\u00bb use_border_color=\u00bboff\u00bb border_color=\u00bb#ffffff\u00bb border_style=\u00bbsolid\u00bb global_colors_info=\u00bb{}\u00bb]<\/p>\n<h4>Forma de Cursada<\/h4>\n<p><strong>M\u00f3dulo 1 y 2<\/strong> se dar\u00e1n en forma paralela cuyos objetivos son :\u00a0 a) Desarrollo de tem\u00e1ticas y casos cl\u00ednicos que nos permitan conocer el campo de la psicoterapia fliar. y conyugal.\u00a0 b) Entrenamiento en abordaje de situaciones cl\u00ednicas<\/p>\n<p><strong>M\u00f3dulo 3 : <\/strong>especializaci\u00f3n en habilidades terape\u00faticas .(Optativo)<\/p>\n<p>&nbsp;<br \/>\n[\/et_pb_text][\/et_pb_column][\/et_pb_row][\/et_pb_section][et_pb_section fb_built=\u00bb1&#8243; custom_padding_last_edited=\u00bbon|desktop\u00bb admin_label=\u00bbSecci\u00f3n\u00bb _builder_version=\u00bb3.22&#8243; background_color=\u00bb#ffffff\u00bb background_image=\u00bbhttp:\/\/www.cep-argentina.com.ar\/cep\/wp-content\/uploads\/2017\/09\/fondos_1.jpg\u00bb custom_padding=\u00bb25px||35px|\u00bb custom_padding_tablet=\u00bb50px|0|50px|0&#8243; custom_padding_phone=\u00bb50px|0|50px|0&#8243; transparent_background=\u00bboff\u00bb padding_mobile=\u00bboff\u00bb make_fullwidth=\u00bboff\u00bb use_custom_width=\u00bboff\u00bb width_unit=\u00bbon\u00bb global_module=\u00bb59&#8243; global_colors_info=\u00bb{}\u00bb][et_pb_row column_structure=\u00bb1_3,1_3,1_3&#8243; padding_mobile=\u00bboff\u00bb column_padding_mobile=\u00bbon\u00bb admin_label=\u00bbFila\u00bb _builder_version=\u00bb3.25&#8243; background_size=\u00bbinitial\u00bb background_position=\u00bbtop_left\u00bb background_repeat=\u00bbrepeat\u00bb make_fullwidth=\u00bboff\u00bb use_custom_width=\u00bboff\u00bb width_unit=\u00bbon\u00bb global_colors_info=\u00bb{}\u00bb][et_pb_column type=\u00bb1_3&#8243; _builder_version=\u00bb3.25&#8243; custom_padding=\u00bb|||\u00bb global_colors_info=\u00bb{}\u00bb custom_padding__hover=\u00bb|||\u00bb][et_pb_image src=\u00bbhttp:\/\/www.cep-argentina.com.ar\/cep\/wp-content\/uploads\/2017\/09\/grafica-cep.png\u00bb align_tablet=\u00bbcenter\u00bb align_phone=\u00bb\u00bb align_last_edited=\u00bbon|desktop\u00bb admin_label=\u00bbImagen\u00bb _builder_version=\u00bb3.23&#8243; animation_style=\u00bbslide\u00bb animation_direction=\u00bbleft\u00bb animation_duration=\u00bb500ms\u00bb animation_intensity_slide=\u00bb10%\u00bb use_border_color=\u00bboff\u00bb border_color=\u00bb#ffffff\u00bb border_style=\u00bbsolid\u00bb animation=\u00bbleft\u00bb sticky=\u00bboff\u00bb always_center_on_mobile=\u00bbon\u00bb global_colors_info=\u00bb{}\u00bb][\/et_pb_image][\/et_pb_column][et_pb_column type=\u00bb1_3&#8243; _builder_version=\u00bb3.25&#8243; custom_padding=\u00bb|||\u00bb global_colors_info=\u00bb{}\u00bb custom_padding__hover=\u00bb|||\u00bb][et_pb_text admin_label=\u00bbTexto\u00bb _builder_version=\u00bb4.14.4&#8243; background_size=\u00bbinitial\u00bb background_position=\u00bbtop_left\u00bb background_repeat=\u00bbrepeat\u00bb use_border_color=\u00bboff\u00bb border_color=\u00bb#ffffff\u00bb border_style=\u00bbsolid\u00bb global_colors_info=\u00bb{}\u00bb]<\/p>\n<h6>Contacto :<\/h6>\n<h6><span style=\"color: #000000;\"><strong>cep@cep-argentina.com.ar\u00a0 \/ <\/strong><\/span><a href=\"mailto:info@cep-argentina.com.ar\" style=\"font-size: 15px;\">info@cep-argentina.com.ar<\/a><span style=\"font-size: 15px;\"> <\/span><span style=\"font-size: 15px; color: #000000;\"><strong>Tel\u00e9fono <\/strong>(54 11)\u00a0<\/span><span style=\"font-size: 15px;\">27821990\u00a0 <\/span>\u00a0 \u00a0 \u00a0 \u00a0 \u00a0 \u00a0 \u00a0 \u00a0 tel:\u00a0 54-011- 73607167\u00a0 \u00a0<\/h6>\n<div><\/div>\n<h6><span style=\"color: #000000;\"><strong>Horarios <\/strong>\u00a0<\/span>Marzo a Diciembre 2023- Lunes a Viernes de 12 a 20 hs.<\/h6>\n<p>[\/et_pb_text][\/et_pb_column][et_pb_column type=\u00bb1_3&#8243; _builder_version=\u00bb3.25&#8243; custom_padding=\u00bb|||\u00bb global_colors_info=\u00bb{}\u00bb custom_padding__hover=\u00bb|||\u00bb][et_pb_text admin_label=\u00bbTexto\u00bb _builder_version=\u00bb3.27.4&#8243; background_size=\u00bbinitial\u00bb background_position=\u00bbtop_left\u00bb background_repeat=\u00bbrepeat\u00bb use_border_color=\u00bboff\u00bb border_color=\u00bb#ffffff\u00bb border_style=\u00bbsolid\u00bb global_colors_info=\u00bb{}\u00bb]<\/p>\n<h6><a href=\"http:\/\/www.cep-argentina.com.ar\/cep\/cursos\/\">Cursos<\/a><\/h6>\n<h6><a href=\"http:\/\/www.cep-argentina.com.ar\/cep\/centro-asistencial\/\">Centro Asistencial<\/a><\/h6>\n<h6><a href=\"http:\/\/www.cep-argentina.com.ar\/cep\/red-internacional-de-psicoterapias-psicoanaliticas\/\">Red Internacional de Psicoterapias Psicoanal\u00edticas<\/a><\/h6>\n<h6><a href=\"http:\/\/www.cep-argentina.com.ar\/cep\/quienes-somos\/\">Quienes Somos<\/a><\/h6>\n<h6><a href=\"http:\/\/www.cep-argentina.com.ar\/cep\/filiales\/\">Filiales<\/a><\/h6>\n<h6><a href=\"mailto:cep@cep-argentina.com.ar\">Contacto<\/a><\/h6>\n<p>[\/et_pb_text][\/et_pb_column][\/et_pb_row][\/et_pb_section]<\/p>\n","protected":false},"excerpt":{"rendered":"<p>\u00a0Reuni\u00f3n Informativa: \u00a0 \u00a0a cargo de Dr. Pedro Men\u00e9ndez \u00a0 \u00a013 de Diciembre &#8211; 19 hs &#8211; virtual (zoom) confirmar asistencia\u00a0 : \u00a0info.cepfiorini@gmail.com \u00a0Reuni\u00f3n Informativa: \u00a0 \u00a0a cargo de Lic. Alejandra R\u00edos \u00a0 &nbsp; 7 de Febrero 2024\u00a0 &#8211; 19 hs &#8211; virtual (zoom) \u00a0info.cepfiorini@gmail.com \u00a0Reuni\u00f3n Informativa: \u00a0 \u00a0a cargo de Lic. Silvia Fern\u00e1ndez\u00a0 Lunes [&hellip;]<\/p>\n","protected":false},"author":1,"featured_media":0,"parent":82,"menu_order":0,"comment_status":"closed","ping_status":"closed","template":"","meta":{"_et_pb_use_builder":"on","_et_pb_old_content":"","_et_gb_content_width":"","om_disable_all_campaigns":false,"_uf_show_specific_survey":0,"_uf_disable_surveys":false,"footnotes":""},"class_list":["post-252","page","type-page","status-publish","hentry"],"_links":{"self":[{"href":"https:\/\/cep-argentina.com.ar\/cep\/wp-json\/wp\/v2\/pages\/252","targetHints":{"allow":["GET"]}}],"collection":[{"href":"https:\/\/cep-argentina.com.ar\/cep\/wp-json\/wp\/v2\/pages"}],"about":[{"href":"https:\/\/cep-argentina.com.ar\/cep\/wp-json\/wp\/v2\/types\/page"}],"author":[{"embeddable":true,"href":"https:\/\/cep-argentina.com.ar\/cep\/wp-json\/wp\/v2\/users\/1"}],"replies":[{"embeddable":true,"href":"https:\/\/cep-argentina.com.ar\/cep\/wp-json\/wp\/v2\/comments?post=252"}],"version-history":[{"count":30,"href":"https:\/\/cep-argentina.com.ar\/cep\/wp-json\/wp\/v2\/pages\/252\/revisions"}],"predecessor-version":[{"id":3553,"href":"https:\/\/cep-argentina.com.ar\/cep\/wp-json\/wp\/v2\/pages\/252\/revisions\/3553"}],"up":[{"embeddable":true,"href":"https:\/\/cep-argentina.com.ar\/cep\/wp-json\/wp\/v2\/pages\/82"}],"wp:attachment":[{"href":"https:\/\/cep-argentina.com.ar\/cep\/wp-json\/wp\/v2\/media?parent=252"}],"curies":[{"name":"wp","href":"https:\/\/api.w.org\/{rel}","templated":true}]}}